{"id":16,"date":"2023-02-07T13:02:50","date_gmt":"2023-02-07T13:02:50","guid":{"rendered":"https:\/\/buergeruni.hhu-blog.de\/?page_id=16"},"modified":"2023-02-22T11:21:58","modified_gmt":"2023-02-22T10:21:58","slug":"datenschutz","status":"publish","type":"page","link":"https:\/\/buergeruni.hhu-blog.de\/index.php\/datenschutz\/","title":{"rendered":"Datenschutz"},"content":{"rendered":"<div id=\"c360441\" class=\"csc-frame csc-frame-default\">\n<div class=\"csc-header csc-header-n1\">\n<h1 class=\"csc-firstHeader\">Datenschutzerkl\u00e4rung nach den Vorgaben der DSGVO<\/h1>\n<\/div>\n<\/div>\n<p><strong>Name und Anschrift des Verantwortlichen<\/strong><\/p>\n<div id=\"c360442\" class=\"csc-frame csc-frame-default\">\n<p class=\"bodytext\">Der Verantwortliche im Sinne der Datenschutz-Grundverordnung und anderer nationaler Datenschutzgesetze der Mitgliedsstaaten sowie sonstiger datenschutzrechtlicher Bestimmungen ist die:<\/p>\n<p class=\"bodytext\">Heinrich-Heine-Universit\u00e4t D\u00fcsseldorf<br \/>Universit\u00e4tsstr. 1<br \/>40225 D\u00fcsseldorf<\/p>\n<p class=\"bodytext\">Tel: +49 211 81-11<\/p>\n<p class=\"bodytext\">Weitere Informationen und Kontaktdaten im Impressum der Heinrich-Heine-Universit\u00e4t: <a href=\"https:\/\/www.hhu.de\/impressum\">https:\/\/www.hhu.de\/impressum<\/a><\/p>\n<\/div>\n<div id=\"c360443\" class=\"csc-frame csc-frame-default\">\n<div class=\"csc-header csc-header-n3\">\n<h2>Name und Anschrift des Datenschutzbeauftragten<\/h2>\n<\/div>\n<div class=\"tx-ttaddress-pi1\">\n<div class=\"vcard\">\n<div>\n<h3>Datenschutzbeauftragte<\/h3>\n<h4><span class=\"fn\">Dr. Ursula Hilgers<\/span><\/h4>\n<div class=\"tt_address_addr\"><span class=\"tt_a_building\">Geb\u00e4ude:\u00a016.11<\/span><br \/><span class=\"tt_a_room\">Etage\/Raum:\u00a001.88<\/span><\/div>\n<div class=\"tt_address_phone\"><span class=\"tt_a_phone\">Tel.: +49 211 81-13060<\/span>\n<p>\u00a0<\/p>\n<div class=\"tt_address_mail\"><a class=\"mail\" href=\"mailto:hilgers@hhu.de\"><img decoding=\"async\" src=\"https:\/\/www.uni-duesseldorf.de\/home\/fileadmin\/images\/icons\/link-icon-mail.gif\" alt=\"E-Mail senden\" \/>E-Mail senden<\/a><\/div>\n<\/div>\n<div>\u00a0<\/div>\n<\/div>\n<\/div>\n<\/div>\n<\/div>\n<div id=\"c360444\" class=\"csc-frame csc-frame-default\">\n<div class=\"csc-header csc-header-n4\">\n<h2>Allgemeines zur Datenverarbeitung<\/h2>\n<\/div>\n<h3>1. Umfang der Verarbeitung personenbezogener Daten<\/h3>\n<p class=\"bodytext\">Wir verarbeiten personenbezogene Daten unserer Nutzerinnen und Nutzer grunds\u00e4tzlich nur, soweit dies zur Bereitstellung einer funktionsf\u00e4higen Website sowie unserer Inhalte und Leistungen erforderlich ist. Die Verarbeitung personenbezogener Daten der Nutzenden erfolgt regelm\u00e4\u00dfig nur nach deren Einwilligung. Eine Ausnahme gilt in solchen F\u00e4llen, in denen eine vorherige Einholung einer Einwilligung aus tats\u00e4chlichen Gr\u00fcnden nicht m\u00f6glich ist und die Verarbeitung der Daten durch gesetzliche Vorschriften gestattet ist.\u00a0<\/p>\n<h4>a) Rechtsgrundlage f\u00fcr die Verarbeitung personenbezogener Daten<\/h4>\n<p class=\"bodytext\">Soweit wir f\u00fcr Verarbeitungsvorg\u00e4nge personenbezogener Daten eine Einwilligung der betroffenen Person einholen, dient Art. 6 Abs. 1 lit. a EU-Datenschutzgrundverordnung (DSGVO) als Rechtsgrundlage.<\/p>\n<p class=\"bodytext\">Bei der Verarbeitung von personenbezogenen Daten, die zur Erf\u00fcllung eines Vertrages, dessen Vertragspartei die betroffene Person ist, erforderlich ist, dient Art. 6 Abs. 1 lit. b DSGVO als Rechtsgrundlage. Dies gilt auch f\u00fcr Verarbeitungsvorg\u00e4nge, die zur Durchf\u00fchrung vorvertraglicher Ma\u00dfnahmen erforderlich sind.<\/p>\n<p class=\"bodytext\">Soweit eine Verarbeitung personenbezogener Daten zur Erf\u00fcllung einer rechtlichen Verpflichtung erforderlich ist, der unser Unternehmen unterliegt, dient Art. 6 Abs. 1 lit. c DSGVO als Rechtsgrundlage.<\/p>\n<p class=\"bodytext\">F\u00fcr den Fall, dass lebenswichtige Interessen der betroffenen Person oder einer anderen nat\u00fcrlichen Person eine Verarbeitung personenbezogener Daten erforderlich machen, dient Art. 6 Abs. 1 lit. d DSGVO als Rechtsgrundlage.<\/p>\n<p class=\"bodytext\">Ist die Verarbeitung zur Wahrung eines berechtigten Interesses unseres Unternehmens oder eines Dritten erforderlich und \u00fcberwiegen die Interessen, Grundrechte und Grundfreiheiten des Betroffenen das erstgenannte Interesse nicht, so dient Art. 6 Abs. 1 lit. f DSGVO als Rechtsgrundlage f\u00fcr die Verarbeitung.\u00a0<\/p>\n<h4>b) Datenl\u00f6schung und Speicherdauer<\/h4>\n<p class=\"bodytext\">Die personenbezogenen Daten der betroffenen Person werden gel\u00f6scht oder gesperrt, sobald der Zweck der Speicherung entf\u00e4llt. Eine Speicherung kann dar\u00fcber hinaus erfolgen, wenn dies durch den europ\u00e4ischen oder nationalen Gesetzgeber in unionsrechtlichen Verordnungen, Gesetzen oder sonstigen Vorschriften, denen der Verantwortliche unterliegt, vorgesehen wurde. Eine Sperrung oder L\u00f6schung der Daten erfolgt auch dann, wenn eine durch die genannten Normen vorgeschriebene Speicherfrist abl\u00e4uft, es sei denn, dass eine Erforderlichkeit zur weiteren Speicherung der Daten f\u00fcr einen Vertragsabschluss oder eine Vertragserf\u00fcllung besteht.<\/p>\n<\/div>\n<div id=\"c360445\" class=\"csc-frame csc-frame-default\">\n<div class=\"csc-header csc-header-n5\">\n<h2>Bereitstellung der Website und Erstellung von Logfiles<\/h2>\n<\/div>\n<h3>1. Beschreibung und Umfang der Datenverarbeitung<\/h3>\n<div>\n<p class=\"bodytext\">Bei jedem Aufruf einer Seite unseres Internetauftritts erfasst unser System automatisiert Daten und Informationen vom Computersystem des aufrufenden Rechners.\u00a0<\/p>\n<\/div>\n<div>\n<p class=\"bodytext\">Folgende Daten werden hierbei erhoben:<\/p>\n<\/div>\n<div>\n<p class=\"bodytext\">\u00a0 \u00a0 (1) Informationen \u00fcber den Browsertyp und die verwendete Version<\/p>\n<\/div>\n<div>\n<p class=\"bodytext\">\u00a0 \u00a0 (2) Das verwendete Betriebssystem<\/p>\n<\/div>\n<div>\n<p class=\"bodytext\">\u00a0 \u00a0 (3) Die IP-Adresse der Nutzerin\/ des Nutzers<\/p>\n<\/div>\n<div>\n<p class=\"bodytext\">\u00a0 \u00a0 (4) Datum und Uhrzeit des Zugriffs<\/p>\n<\/div>\n<div>\n<p class=\"bodytext\">\u00a0 \u00a0 (5) Websites, von denen der Aufruf einer Seite unseres Internetauftritts erfolgt<\/p>\n<\/div>\n<div>\n<p class=\"bodytext\">\u00a0 \u00a0 (6) Websites, die \u00fcber unsere Website aufgerufen werden<\/p>\n<\/div>\n<div>\n<p class=\"bodytext\">Die Daten werden ebenfalls in den Logfiles unseres Systems gespeichert. Eine Speicherung dieser Daten zusammen mit anderen personenbezogenen Daten findet nicht statt.<\/p>\n<\/div>\n<h4>a) Rechtsgrundlage f\u00fcr die Datenverarbeitung\u00a0<\/h4>\n<div>\n<p class=\"bodytext\">Rechtsgrundlage f\u00fcr die vor\u00fcbergehende Speicherung der Daten und der Logfiles ist Art. 6 Abs. 1 lit. f DSGVO.<\/p>\n<\/div>\n<h4>b) Zweck der Datenverarbeitung<\/h4>\n<div>\n<p class=\"bodytext\">Die vor\u00fcbergehende Speicherung der IP-Adresse durch das System ist notwendig, um eine Auslieferung der Website an den Rechner des Nutzers zu erm\u00f6glichen. Hierf\u00fcr muss die IP-Adresse des Nutzers f\u00fcr die Dauer der Sitzung gespeichert bleiben.\u00a0<\/p>\n<\/div>\n<div><span style=\"font-size: inherit;\">Die Speicherung in Logfiles erfolgt, um die Funktionsf\u00e4higkeit der Website sicherzustellen. Zudem dienen uns die Daten zur Optimierung der Website und zur Sicherstellung der Sicherheit unserer informationstechnischen Systeme. Eine Auswertung der Daten zu Marketingzwecken findet in diesem Zusammenhang nicht statt.\u00a0<\/span><\/div>\n<div><span style=\"font-size: inherit;\"><br \/>In diesen Zwecken liegt auch unser berechtigtes Interesse an der Datenverarbeitung nach Art. 6 Abs. 1 lit. f DSGVO.<\/span><\/div>\n<h4><br \/>c) Dauer der Speicherung<\/h4>\n<div>\n<p class=\"bodytext\">Die Daten werden gel\u00f6scht, sobald sie f\u00fcr die Erreichung des Zweckes ihrer Erhebung nicht mehr erforderlich sind. Im Falle der Erfassung der Daten zur Bereitstellung der Website ist dies der Fall, wenn die jeweilige Sitzung beendet ist.\u00a0<\/p>\n<\/div>\n<div><span style=\"font-size: inherit;\">Im Falle der Speicherung der Daten in Logfiles ist dies nach sp\u00e4testens sieben Tagen der Fall. Eine dar\u00fcberhinausgehende Speicherung ist m\u00f6glich. In diesem Fall werden die IP-Adressen der Nutzer gel\u00f6scht oder verfremdet, sodass eine Zuordnung des aufrufenden Clients nicht mehr m\u00f6glich ist.<\/span><\/div>\n<h4><br \/>d) Widerspruchs- und Beseitigungsm\u00f6glichkeit<\/h4>\n<div>\n<p class=\"bodytext\">Die Erfassung der Daten zur Bereitstellung der Website und die Speicherung der Daten in Logfiles ist f\u00fcr den Betrieb unseres\u00a0 Internetauftritts zwingend erforderlich. Es besteht folglich seitens der Nutzerin \/ des Nutzers keine Widerspruchsm\u00f6glichkeit.\u00a0<\/p>\n<\/div>\n<\/div>\n<div id=\"c360446\" class=\"csc-frame csc-frame-default\">\n<div class=\"csc-header csc-header-n6\">\n<h2>Verwendung von Cookies<\/h2>\n<\/div>\n<h4>a) Beschreibung und Umfang der Datenverarbeitung<\/h4>\n<div>\n<p class=\"bodytext\">Unsere Webseite verwendet Cookies. Bei Cookies handelt es sich um Textdateien, die im Internetbrowser bzw. vom Internetbrowser auf dem Computersystem der Nutzerin \/ des Nutzers gespeichert werden. Wird eine Website aufgerufen, so kann ein Cookie auf dem Betriebssystem der Nutzerin\/ des Nutzers gespeichert werden. Dieser Cookie enth\u00e4lt eine charakteristische Zeichenfolge, die eine eindeutige Identifizierung des Browsers beim erneuten Aufrufen der Website erm\u00f6glicht.\u00a0<\/p>\n<\/div>\n<div>\n<p class=\"bodytext\">Wir setzen Cookies ein, um unsere Website nutzerfreundlicher zu gestalten. Einige Elemente unseres Internetauftritts erfordern es, dass der aufrufende Browser auch nach einem Seitenwechsel identifiziert werden kann.\u00a0<\/p>\n<\/div>\n<h4>b) Rechtsgrundlage f\u00fcr die Datenverarbeitung\u00a0<\/h4>\n<div>\n<p class=\"bodytext\">Die Rechtsgrundlage f\u00fcr die Verarbeitung personenbezogener Daten unter Verwendung von Cookies ist Art. 6 Abs. 1 lit. f DSGVO.<\/p>\n<\/div>\n<h4>c) Zweck der Datenverarbeitung<\/h4>\n<div>\n<p class=\"bodytext\">Der Zweck der Verwendung technisch notwendiger Cookies ist, die Nutzung von Websites f\u00fcr die Nutzerinnen und Nutzer zu vereinfachen. Einige Funktionen unseres Internetauftritts k\u00f6nnen ohne den Einsatz von Cookies nicht angeboten werden. F\u00fcr diese ist es erforderlich, dass der Browser auch nach einem Seitenwechsel wiedererkannt wird.<\/p>\n<\/div>\n<div>\n<p class=\"bodytext\">Die durch technisch notwendige Cookies erhobenen Nutzerdaten werden nicht zur Erstellung von Nutzerprofilen verwendet.<\/p>\n<\/div>\n<div>\n<p class=\"bodytext\">In diesen Zwecken liegt auch unser berechtigtes Interesse in der Verarbeitung der personenbezogenen Daten nach Art. 6 Abs. 1 lit. f DSGVO.\u00a0<\/p>\n<\/div>\n<h4>d) Dauer der Speicherung, Widerspruchs- und Beseitigungsm\u00f6glichkeit<\/h4>\n<div>\n<p class=\"bodytext\">Cookies werden auf dem Rechner der Nutzerin \/ des Nutzers gespeichert und von diesem an unserer Seite \u00fcbermittelt. Daher haben Sie auch die volle Kontrolle \u00fcber die Verwendung von Cookies. Durch eine \u00c4nderung der Einstellungen in Ihrem Internetbrowser k\u00f6nnen Sie die \u00dcbertragung von Cookies deaktivieren oder einschr\u00e4nken. Bereits gespeicherte Cookies k\u00f6nnen jederzeit gel\u00f6scht werden. Dies kann auch automatisiert erfolgen. Werden Cookies f\u00fcr unsere Website deaktiviert, k\u00f6nnen m\u00f6glicherweise nicht mehr alle Funktionen der Website vollumf\u00e4nglich genutzt werden.<\/p>\n<\/div>\n<\/div>\n<div id=\"c360447\" class=\"csc-frame csc-frame-default\">\n<div class=\"csc-header csc-header-n7\">\n<h2>Newsletter<\/h2>\n<\/div>\n<h4>a) Beschreibung und Umfang der Datenverarbeitung<\/h4>\n<div>\n<p class=\"bodytext\">Auf einigen Seiten unseres Internetauftritts besteht die M\u00f6glichkeit, einen kostenfreien Newsletter zu abonnieren. Dabei werden bei der Anmeldung zum Newsletter die Daten aus der Eingabemaske an uns \u00fcbermittelt.<\/p>\n<\/div>\n<div>\n<p class=\"bodytext\">Zur Anmeldung wird die E-Mail-Adresse des Abonnenten und optional dessen Name erhoben.<\/p>\n<\/div>\n<div>\n<p class=\"bodytext\">Zudem werden folgende Daten bei der Anmeldung erhoben:<\/p>\n<\/div>\n<div>\n<p class=\"bodytext\">\u00a0 \u00a0 (1) IP-Adresse des aufrufenden Rechners<\/p>\n<\/div>\n<div>\n<p class=\"bodytext\">\u00a0 \u00a0 (2) Datum und Uhrzeit der Registrierung<\/p>\n<\/div>\n<div>\n<p class=\"bodytext\">Es erfolgt im Zusammenhang mit der Datenverarbeitung f\u00fcr den Versand von Newslettern keine Weitergabe der Daten an Dritte. Die Daten werden ausschlie\u00dflich f\u00fcr den Versand des Newsletters verwendet.<\/p>\n<\/div>\n<h4>b) Rechtsgrundlage f\u00fcr die Datenverarbeitung<\/h4>\n<div>\n<p class=\"bodytext\">Rechtsgrundlage f\u00fcr die Verarbeitung der Daten nach Anmeldung zum Newsletters durch die Nutzerin \/ den Nutzer ist bei Vorliegen einer Einwilligung des Nutzers Art. 6 Abs. 1 lit. a DSGVO.<\/p>\n<\/div>\n<h4>c) Zweck der Datenverarbeitung<\/h4>\n<div>\n<p class=\"bodytext\">Die Erhebung der E-Mail-Adresse der Nutzerinnen und Nutzer dient dazu, den Newsletter zuzustellen.\u00a0<\/p>\n<\/div>\n<div>\n<p class=\"bodytext\">Die Erhebung sonstiger personenbezogener Daten im Rahmen des Anmeldevorgangs dient dazu, einen Missbrauch der Dienste oder der verwendeten E-Mail-Adresse zu verhindern.<\/p>\n<\/div>\n<h4>d) Dauer der Speicherung<\/h4>\n<div>\n<p class=\"bodytext\">Die Daten werden gel\u00f6scht, sobald sie f\u00fcr die Erreichung des Zweckes ihrer Erhebung nicht mehr erforderlich sind. Die E-Mail-Adresse wird demnach solange gespeichert, wie das Abonnement des Newsletters aktiv ist.\u00a0<\/p>\n<\/div>\n<div>\n<p class=\"bodytext\">Die sonstigen im Rahmen des Anmeldevorgangs erhobenen personenbezogenen Daten werden in der Regel nach einer Frist von sieben Tagen gel\u00f6scht.<\/p>\n<\/div>\n<h4>e) Widerspruchs- und Beseitigungsm\u00f6glichkeit<\/h4>\n<div>\n<p class=\"bodytext\">Das Abonnement des Newsletters kann durch die Abonnenten jederzeit gek\u00fcndigt werden. Zu diesem Zweck findet sich in jedem Newsletter ein entsprechender Link.\u00a0<\/p>\n<\/div>\n<div>\n<p class=\"bodytext\">Hierdurch wird ebenfalls ein Widerruf der Einwilligung der Speicherung der w\u00e4hrend des Anmeldevorgangs erhobenen personenbezogenen Daten erm\u00f6glicht.<\/p>\n<\/div>\n<\/div>\n<div id=\"c360448\" class=\"csc-frame csc-frame-default\">\n<div class=\"csc-header csc-header-n8\">\n<h2>Registrierung<\/h2>\n<\/div>\n<h4>a) Beschreibung und Umfang der Datenverarbeitung<\/h4>\n<div>\n<p class=\"bodytext\">Auf einigen Seiten unseres Internetauftritts bieten wir Nutzerinnen und Nutzern die M\u00f6glichkeit, sich unter Angabe personenbezogener Daten zu registrieren. Die Daten werden dabei in eine Eingabemaske eingegeben und an uns \u00fcbermittelt und gespeichert. Eine Weitergabe der Daten an Dritte findet nicht statt. Folgende Daten werden im Rahmen des Registrierungsprozesses erhoben:<\/p>\n<\/div>\n<div>\n<p class=\"bodytext\">\u00a0 \u00a0 (1) Name oder Benutzername<\/p>\n<\/div>\n<div>\n<p class=\"bodytext\">\u00a0 \u00a0 (2) E-Mail-Adresse<\/p>\n<\/div>\n<div>\n<p class=\"bodytext\">Im Zeitpunkt der Registrierung werden zudem folgende Daten gespeichert:<\/p>\n<\/div>\n<div>\n<p class=\"bodytext\">\u00a0 \u00a0 (1) Die IP-Adresse des aufrufenden Rechners<\/p>\n<\/div>\n<div>\n<p class=\"bodytext\">\u00a0 \u00a0 (2) Datum und Uhrzeit der Registrierung<\/p>\n<\/div>\n<h4>b) Rechtsgrundlage f\u00fcr die Datenverarbeitung<\/h4>\n<div>\n<p class=\"bodytext\">Rechtsgrundlage f\u00fcr die Verarbeitung der Daten ist bei Vorliegen einer Einwilligung des Nutzers Art. 6 Abs. 1 lit. a DSGVO.<\/p>\n<\/div>\n<div>\n<p class=\"bodytext\">Dient die Registrierung der Erf\u00fcllung eines Vertrages, dessen Vertragspartei der Nutzer ist oder der Durchf\u00fchrung vorvertraglicher Ma\u00dfnahmen, so ist zus\u00e4tzliche Rechtsgrundlage f\u00fcr die Verarbeitung der Daten Art. 6 Abs. 1 lit. b DSGVO.<\/p>\n<\/div>\n<h4>c) Zweck der Datenverarbeitung<\/h4>\n<div>\n<p class=\"bodytext\">Eine Registrierung der Nutzerin \/ des Nutzers ist f\u00fcr das Bereithalten bestimmter Inhalte und Leistungen auf unserer Website erforderlich.<\/p>\n<\/div>\n<h4>d) Dauer der Speicherung<\/h4>\n<div>\n<p class=\"bodytext\">Die Daten werden gel\u00f6scht, sobald sie f\u00fcr die Erreichung des Zweckes ihrer Erhebung nicht mehr erforderlich sind.<\/p>\n<\/div>\n<div>\n<p class=\"bodytext\">Dies ist f\u00fcr die w\u00e4hrend des Registrierungsvorgangs erhobenen Daten der Fall, wenn die Registrierung auf unserer Internetseite aufgehoben oder abge\u00e4ndert wird.\u00a0<\/p>\n<\/div>\n<div>\n<p class=\"bodytext\">Dies ist f\u00fcr die w\u00e4hrend des Registrierungsvorgangs zur Erf\u00fcllung eines Vertrags oder zur Durchf\u00fchrung vorvertraglicher Ma\u00dfnahmen dann der Fall, wenn die Daten f\u00fcr die Durchf\u00fchrung des Vertrages nicht mehr erforderlich sind. Auch nach Abschluss des Vertrags kann eine Erforderlichkeit, personenbezogene Daten des Vertragspartners zu speichern, bestehen, um vertraglichen oder gesetzlichen Verpflichtungen nachzukommen.<\/p>\n<\/div>\n<h4>e) Widerspruchs- und Beseitigungsm\u00f6glichkeit<\/h4>\n<div>\n<p class=\"bodytext\">Als Nutzer\/in haben sie jederzeit die M\u00f6glichkeit, die Registrierung aufzul\u00f6sen. Die \u00fcber Sie gespeicherten Daten k\u00f6nnen Sie jederzeit ab\u00e4ndern lassen.\u00a0<\/p>\n<\/div>\n<div>\n<p class=\"bodytext\">Sind die Daten zur Erf\u00fcllung eines Vertrages oder zur Durchf\u00fchrung vorvertraglicher Ma\u00dfnahmen erforderlich, ist eine vorzeitige L\u00f6schung der Daten nur m\u00f6glich, soweit nicht vertragliche oder gesetzliche Verpflichtungen einer L\u00f6schung entgegenstehen.<\/p>\n<\/div>\n<\/div>\n<div id=\"c360449\" class=\"csc-frame csc-frame-default\">\n<div class=\"csc-header csc-header-n9\">\n<h2>Kontaktformular und E-Mail-Kontakt<\/h2>\n<\/div>\n<h4>a) Beschreibung und Umfang der Datenverarbeitung<\/h4>\n<div>\n<p class=\"bodytext\">Auf einigen Seiten unseres Internetauftritts sind Kontaktformulare vorhanden, welche die M\u00f6glichkeit einer elektronischen Kontaktaufnahme bieten. Nimmt eine Nutzerin oder ein Nutzer diese M\u00f6glichkeit wahr, so werden die in der eingegeben Daten an uns \u00fcbermittelt und gespeichert.<\/p>\n<\/div>\n<div>\n<p class=\"bodytext\">Im Zeitpunkt der Absendung der Nachricht werden zudem folgende Daten gespeichert:<\/p>\n<\/div>\n<div>\n<p class=\"bodytext\">\u00a0 \u00a0 (1) Die IP-Adresse des aufrufenden Rechners<\/p>\n<\/div>\n<div>\n<p class=\"bodytext\">\u00a0 \u00a0 (2) Datum und Uhrzeit der Registrierung<\/p>\n<\/div>\n<div>\n<p class=\"bodytext\">F\u00fcr die Verarbeitung der Daten wird im Rahmen des Absendevorgangs Ihre Einwilligung eingeholt und auf diese Datenschutzerkl\u00e4rung verwiesen.<\/p>\n<\/div>\n<div>\n<p class=\"bodytext\">Alternativ ist eine Kontaktaufnahme \u00fcber die bereitgestellte E-Mail-Adresse m\u00f6glich. In diesem Fall werden die mit der E-Mail \u00fcbermittelten personenbezogenen Daten gespeichert.\u00a0<\/p>\n<\/div>\n<div>\n<p class=\"bodytext\">Es erfolgt in diesem Zusammenhang keine Weitergabe der Daten an Dritte. Die Daten werden ausschlie\u00dflich f\u00fcr die Verarbeitung der Konversation verwendet.<\/p>\n<\/div>\n<h4>b) Rechtsgrundlage f\u00fcr die Datenverarbeitung\u00a0<\/h4>\n<div>\n<p class=\"bodytext\">Rechtsgrundlage f\u00fcr die Verarbeitung der Daten ist bei Vorliegen einer Einwilligung des Nutzers Art. 6 Abs. 1 lit. a DSGVO.<\/p>\n<\/div>\n<div>\n<p class=\"bodytext\">Rechtsgrundlage f\u00fcr die Verarbeitung der Daten, die im Zuge einer \u00dcbersendung einer E-Mail \u00fcbermittelt werden, ist Art. 6 Abs. 1 lit. f DSGVO. Zielt der E-Mail-Kontakt auf den Abschluss eines Vertrages ab, so ist zus\u00e4tzliche Rechtsgrundlage f\u00fcr die Verarbeitung Art. 6 Abs. 1 lit. b DSGVO.<\/p>\n<\/div>\n<h4>c) Zweck der Datenverarbeitung<\/h4>\n<div>\n<p class=\"bodytext\">Die Verarbeitung der personenbezogenen Daten aus der Eingabemaske dient uns allein zur Bearbeitung der Kontaktaufnahme. Im Falle einer Kontaktaufnahme per E-Mail liegt hieran auch das erforderliche berechtigte Interesse an der Verarbeitung der Daten.<\/p>\n<\/div>\n<div>\n<p class=\"bodytext\">Die sonstigen w\u00e4hrend des Absendevorgangs verarbeiteten personenbezogenen Daten dienen dazu, einen Missbrauch des Kontaktformulars zu verhindern und die Sicherheit unserer informationstechnischen Systeme sicherzustellen.<\/p>\n<\/div>\n<h4>d) Dauer der Speicherung<\/h4>\n<div>\n<p class=\"bodytext\">Die Daten werden gel\u00f6scht, sobald sie f\u00fcr die Erreichung des Zweckes ihrer Erhebung nicht mehr erforderlich sind. F\u00fcr die personenbezogenen Daten aus der Eingabemaske des Kontaktformulars und diejenigen, die per E-Mail \u00fcbersandt wurden, ist dies dann der Fall, wenn die jeweilige Konversation beendet ist. Beendet ist die Konversation dann, wenn sich aus den Umst\u00e4nden entnehmen l\u00e4sst, dass der betroffene Sachverhalt abschlie\u00dfend gekl\u00e4rt ist.\u00a0<\/p>\n<\/div>\n<div>\n<p class=\"bodytext\">Die w\u00e4hrend des Absendevorgangs zus\u00e4tzlich erhobenen personenbezogenen Daten werden sp\u00e4testens nach einer Frist von sieben Tagen gel\u00f6scht.<\/p>\n<\/div>\n<h4>e) Widerspruchs- und Beseitigungsm\u00f6glichkeit<\/h4>\n<div>\n<p class=\"bodytext\">Die Nutzerin \/ der Nutzer hat jederzeit die M\u00f6glichkeit, seine Einwilligung zur Verarbeitung der personenbezogenen Daten zu widerrufen. Erfolgt die Kontaktaufnahme per E-Mail Kontakt, so kann er der Speicherung personenbezogener Daten jederzeit widersprochen werden. In einem solchen Fall kann die Konversation nicht fortgef\u00fchrt werden.<\/p>\n<\/div>\n<div>\n<p class=\"bodytext\">Alle personenbezogenen Daten, die im Zuge der Kontaktaufnahme gespeichert wurden, werden in diesem Fall gel\u00f6scht.<\/p>\n<\/div>\n<\/div>\n<div id=\"c360450\" class=\"csc-frame csc-frame-default\">\n<div class=\"csc-header csc-header-n10\">\n<h2>Webanalyse durch Matomo (ehemals PIWIK)<\/h2>\n<\/div>\n<h4>a) Beschreibung und Umfang der Datenverarbeitung<\/h4>\n<div>\n<p class=\"bodytext\">Wir nutzen auf unserer Website das Open-Source-Software-Tool Matomo (ehemals PIWIK) zur Analyse des Nutzung unseres Internet-Auftritts. Uns interessiert zum Beispiel, welche Seiten wie h\u00e4ufig aufgerufen werden und ob dabei Smartphones, Tablets oder Rechner mit gro\u00dfen Bildschirmen eingesetzt werden. Die Software setzt ein Cookie auf dem Rechner der Nutzerinnen und Nutzer (zu Cookies siehe bereits oben). Werden Einzelseiten unserer Website aufgerufen, so werden folgende Daten gespeichert:<\/p>\n<\/div>\n<div>\n<p class=\"bodytext\">\u00a0 \u00a0 (1) Zwei Bytes der IP-Adresse des aufrufenden Systems<\/p>\n<\/div>\n<div>\n<p class=\"bodytext\">\u00a0 \u00a0 (2) Die aufgerufene Webseite<\/p>\n<\/div>\n<div>\n<p class=\"bodytext\">\u00a0 \u00a0 (3) Die Website, \u00fcber die unsere Webseite gelangt aufgerufen wurde (Referrer)<\/p>\n<\/div>\n<div>\n<p class=\"bodytext\">\u00a0 \u00a0 (4) Die Unterseiten, die von der aufgerufenen Webseite aus aufgerufen werden<\/p>\n<\/div>\n<div>\n<p class=\"bodytext\">\u00a0 \u00a0 (5) Die Verweildauer auf der Webseite<\/p>\n<\/div>\n<div>\n<p class=\"bodytext\">\u00a0 \u00a0 (6) Die H\u00e4ufigkeit des Aufrufs der Webseite<\/p>\n<\/div>\n<div>\n<p class=\"bodytext\">Die Software ist so eingestellt, dass die IP-Adressen nicht vollst\u00e4ndig gespeichert werden, sondern 2 Bytes der IP-Adresse maskiert werden (Bsp.:\u00a0 192.168.xxx.xxx). Auf diese Weise ist eine Zuordnung der gek\u00fcrzten IP-Adresse zum aufrufenden Rechner nicht mehr m\u00f6glich.<\/p>\n<p class=\"bodytext\">Die Software kommt ausschlie\u00dflich auf lokalen Servern unserer Hochschule zum Einsatz. Eine Speicherung der personenbezogenen Daten der Nutzer findet nur dort statt. Eine Weitergabe der Daten an Dritte erfolgt nicht.\u00a0<\/p>\n<\/div>\n<h4>b) Rechtsgrundlage f\u00fcr die Datenverarbeitung<\/h4>\n<div>\n<p class=\"bodytext\">Rechtsgrundlage f\u00fcr die Datenverarbeitung ist Art. 6 Abs. 1 lit. f DSGVO.<\/p>\n<\/div>\n<h4>c) Zweck der Datenverarbeitung<\/h4>\n<div>\n<p class=\"bodytext\">Die Verarbeitung der anonymisierten Daten der Nutzerinnen und Nutzer erm\u00f6glicht uns eine Analyse der Nutzung unserer Webseite. Wir sind in durch die Auswertung der gewonnen Daten in der Lage, Informationen \u00fcber die Nutzung der einzelnen Komponenten unserer Webseite zusammenzustellen. Dies hilft uns dabei unsere Webseite und deren Nutzerfreundlichkeit stetig zu verbessern. In diesen Zwecken liegt auch unser berechtigtes Interesse in der Verarbeitung der Daten nach Art. 6 Abs. 1 lit. f DSGVO. Durch die Anonymisierung der IP-Adresse wird dem Interesse der Nutzer an deren Schutz personenbezogener Daten hinreichend Rechnung getragen.<\/p>\n<\/div>\n<h4>d) Widerspruchs- und Beseitigungsm\u00f6glichkeit<\/h4>\n<div>\n<p class=\"bodytext\">Cookies werden auf dem Rechner der Nutzerin \/ des Nutzers gespeichert und von diesem an unserer Seite \u00fcbermittelt. Daher haben Sie\u00a0 auch die volle Kontrolle \u00fcber die Verwendung von Cookies. Durch eine \u00c4nderung der Einstellungen in Ihrem Internetbrowser k\u00f6nnen Sie die \u00dcbertragung von Cookies deaktivieren oder einschr\u00e4nken. Bereits gespeicherte Cookies k\u00f6nnen jederzeit gel\u00f6scht werden. Dies kann auch automatisiert erfolgen. Werden Cookies f\u00fcr unsere Website deaktiviert, k\u00f6nnen m\u00f6glicherweise nicht mehr alle Funktionen der Website vollumf\u00e4nglich genutzt werden.<\/p>\n<\/div>\n<div>\n<p class=\"bodytext\">Wir bieten den Nutzerinnen und Nutzern auf unserer Website die M\u00f6glichkeit eines Opt-Out aus dem Analyseverfahren. Hierzu m\u00fcssen Sie in der Box am Ende dieses Abschnitts das entsprechende H\u00e4ckchen entfernen. Auf diese Weise wird ein weiterer Cookie auf ihrem System gesetzt, der unserem System signalisiert die Daten der Nutzerin \/ des Nutzers nicht zu speichern. Wird der entsprechende Cookie zwischenzeitlich vom eigenen System entfernt, so muss der Opt-Out-Cookie erneut gesetzt werden.<\/p>\n<\/div>\n<div>\n<p class=\"bodytext\">N\u00e4here Informationen zu den Privatsph\u00e4reeinstellungen der Matomo Software finden Sie unter folgendem Link: <a class=\"external-link-new-window\" title=\"externer Link in neuem Fenster\" href=\"https:\/\/matomo.org\/docs\/privacy\/\" target=\"_blank\" rel=\"noopener noreferrer\"><img decoding=\"async\" src=\"https:\/\/www.uni-duesseldorf.de\/home\/fileadmin\/images\/icons\/link-icon-extern.gif\" alt=\"undefined\" data-htmlarea-file-uid=\"4311\" data-htmlarea-file-table=\"sys_file\" \/>https:\/\/matomo.org\/docs\/privacy\/.<\/a><\/p>\n<\/div>\n<\/div>\n<div id=\"c360452\" class=\"csc-frame csc-frame-default\">\n<div class=\"csc-header csc-header-n12\">\n<h2>Rechte der betroffenen Personen<\/h2>\n<\/div>\n<div>\n<p class=\"bodytext\">Werden personenbezogene Daten von Ihnen verarbeitet, sind Sie Betroffener i.S.d. DSGVO und es stehen Ihnen folgende Rechte gegen\u00fcber dem Verantwortlichen zu:<\/p>\n<\/div>\n<h4>a) Auskunftsrecht<\/h4>\n<div>\n<p class=\"bodytext\">Sie k\u00f6nnen von dem Verantwortlichen eine Best\u00e4tigung dar\u00fcber verlangen, ob personenbezogene Daten, die Sie betreffen, von uns verarbeitet werden.\u00a0<\/p>\n<\/div>\n<div>\n<p class=\"bodytext\">Liegt eine solche Verarbeitung vor, k\u00f6nnen Sie von dem Verantwortlichen \u00fcber folgende Informationen Auskunft verlangen:<\/p>\n<\/div>\n<div>\n<p class=\"bodytext\">(1) die Zwecke, zu denen die personenbezogenen Daten verarbeitet werden;<\/p>\n<\/div>\n<div>\n<p class=\"bodytext\">(2) die Kategorien von personenbezogenen Daten, welche verarbeitet werden;<\/p>\n<\/div>\n<div>\n<p class=\"bodytext\">(3) die Empf\u00e4nger bzw. die Kategorien von Empf\u00e4ngern, gegen\u00fcber denen die Sie betreffenden personenbezogenen Daten offengelegt wurden oder noch offengelegt werden;<\/p>\n<\/div>\n<div>\n<p class=\"bodytext\">(4) die geplante Dauer der Speicherung der Sie betreffenden personenbezogenen Daten oder, falls konkrete Angaben hierzu nicht m\u00f6glich sind, Kriterien f\u00fcr die Festlegung der Speicherdauer;<\/p>\n<\/div>\n<div>\n<p class=\"bodytext\">(5) das Bestehen eines Rechts auf Berichtigung oder L\u00f6schung der Sie betreffenden personenbezogenen Daten, eines Rechts auf Einschr\u00e4nkung der Verarbeitung durch den Verantwortlichen oder eines Widerspruchsrechts gegen diese Verarbeitung;\u00a0<\/p>\n<\/div>\n<div>\n<p class=\"bodytext\">(6) das Bestehen eines Beschwerderechts bei einer Aufsichtsbeh\u00f6rde;<\/p>\n<\/div>\n<div>\n<p class=\"bodytext\">(7) alle verf\u00fcgbaren Informationen \u00fcber die Herkunft der Daten, wenn die personenbezogenen Daten nicht bei der betroffenen Person erhoben werden;<\/p>\n<\/div>\n<div>\n<p class=\"bodytext\">(8) das Bestehen einer automatisierten Entscheidungsfindung einschlie\u00dflich Profiling gem\u00e4\u00df Art. 22 Abs. 1 und 4 DSGVO und \u2013 zumindest in diesen F\u00e4llen \u2013 aussagekr\u00e4ftige Informationen \u00fcber die involvierte Logik sowie die Tragweite und die angestrebten Auswirkungen einer derartigen Verarbeitung f\u00fcr die betroffene Person.<\/p>\n<\/div>\n<div>\n<p class=\"bodytext\">Ihnen steht das Recht zu, Auskunft dar\u00fcber zu verlangen, ob die Sie betreffenden personenbezogenen Daten in ein Drittland oder an eine internationale Organisation \u00fcbermittelt werden. In diesem Zusammenhang k\u00f6nnen Sie verlangen, \u00fcber die geeigneten Garantien gem. Art. 46 DSGVO im Zusammenhang mit der \u00dcbermittlung unterrichtet zu werden.<\/p>\n<\/div>\n<div>\n<p class=\"bodytext\">Dieses Auskunftsrecht kann insoweit beschr\u00e4nkt werden, als es voraussichtlich die Verwirklichung der Forschungs- oder Statistikzwecke unm\u00f6glich macht oder ernsthaft beeintr\u00e4chtigt und die Beschr\u00e4nkung f\u00fcr die Erf\u00fcllung der Forschungs- oder Statistikzwecke notwendig ist.<\/p>\n<\/div>\n<h4>b) Recht auf Berichtigung\u00a0<\/h4>\n<div>\n<p class=\"bodytext\">Sie haben ein Recht auf Berichtigung und\/oder Vervollst\u00e4ndigung gegen\u00fcber dem Verantwortlichen, sofern die verarbeiteten personenbezogenen Daten, die Sie betreffen, unrichtig oder unvollst\u00e4ndig sind. Der Verantwortliche hat die Berichtigung unverz\u00fcglich vorzunehmen.<\/p>\n<\/div>\n<div>\n<p class=\"bodytext\">Ihr Recht auf Berichtigung kann insoweit beschr\u00e4nkt werden, als es voraussichtlich die Verwirklichung der Forschungs- oder Statistikzwecke unm\u00f6glich macht oder ernsthaft beeintr\u00e4chtigt und die Beschr\u00e4nkung f\u00fcr die Erf\u00fcllung der Forschungs- oder Statistikzwecke notwendig ist.<\/p>\n<\/div>\n<h4>c) Recht auf Einschr\u00e4nkung der Verarbeitung<\/h4>\n<div>\n<p class=\"bodytext\">Unter den folgenden Voraussetzungen k\u00f6nnen Sie die Einschr\u00e4nkung der Verarbeitung der Sie betreffenden personenbezogenen Daten verlangen:<\/p>\n<\/div>\n<div>\n<p class=\"bodytext\">(1) wenn Sie die Richtigkeit der Sie betreffenden personenbezogenen f\u00fcr eine Dauer bestreiten, die es der\/dem Verantwortlichen erm\u00f6glicht, die Richtigkeit der personenbezogenen Daten zu \u00fcberpr\u00fcfen;<\/p>\n<\/div>\n<div>\n<p class=\"bodytext\">(2) die Verarbeitung unrechtm\u00e4\u00dfig ist und Sie die L\u00f6schung der personenbezogenen Daten ablehnen und stattdessen die Einschr\u00e4nkung der Nutzung der personenbezogenen Daten verlangen;<\/p>\n<\/div>\n<div>\n<p class=\"bodytext\">(3) die\/der Verantwortliche die personenbezogenen Daten f\u00fcr die Zwecke der Verarbeitung nicht l\u00e4nger ben\u00f6tigt, Sie diese jedoch zur Geltendmachung, Aus\u00fcbung oder Verteidigung von Rechtsanspr\u00fcchen ben\u00f6tigen, oder<\/p>\n<\/div>\n<div>\n<p class=\"bodytext\">(4) wenn Sie Widerspruch gegen die Verarbeitung gem\u00e4\u00df Art. 21 Abs. 1 DSGVO eingelegt haben und noch nicht feststeht, ob die berechtigten Gr\u00fcnde der\/des Verantwortlichen gegen\u00fcber Ihren Gr\u00fcnden \u00fcberwiegen.<\/p>\n<\/div>\n<div>\n<p class=\"bodytext\">Wurde die Verarbeitung der Sie betreffenden personenbezogenen Daten eingeschr\u00e4nkt, d\u00fcrfen diese Daten \u2013 von ihrer Speicherung abgesehen \u2013 nur mit Ihrer Einwilligung oder zur Geltendmachung, Aus\u00fcbung oder Verteidigung von Rechtsanspr\u00fcchen oder zum Schutz der Rechte einer anderen nat\u00fcrlichen oder juristischen Person oder aus Gr\u00fcnden eines wichtigen \u00f6ffentlichen Interesses der Union oder eines Mitgliedstaats verarbeitet werden.<\/p>\n<\/div>\n<div>\n<p class=\"bodytext\">Wurde die Einschr\u00e4nkung der Verarbeitung nach den o.g. Voraussetzungen eingeschr\u00e4nkt, werden Sie von dem\/der Verantwortlichen unterrichtet bevor die Einschr\u00e4nkung aufgehoben wird.<\/p>\n<\/div>\n<div>\n<p class=\"bodytext\">Ihr Recht auf Einschr\u00e4nkung der Verarbeitung kann insoweit beschr\u00e4nkt werden, als es voraussichtlich die Verwirklichung der Forschungs- oder Statistikzwecke unm\u00f6glich macht oder ernsthaft beeintr\u00e4chtigt und die Beschr\u00e4nkung f\u00fcr die Erf\u00fcllung der Forschungs- oder Statistikzwecke notwendig ist.<\/p>\n<\/div>\n<h4>d) Recht auf L\u00f6schung<\/h4>\n<div>\n<h5>1) L\u00f6schungspflicht<\/h5>\n<\/div>\n<div>\n<p class=\"bodytext\">Sie k\u00f6nnen von dem\/der Verantwortlichen verlangen, dass die Sie betreffenden personenbezogenen Daten unverz\u00fcglich gel\u00f6scht werden, und der Verantwortliche ist verpflichtet, diese Daten unverz\u00fcglich zu l\u00f6schen, sofern einer der folgenden Gr\u00fcnde zutrifft:<\/p>\n<\/div>\n<div>\n<p class=\"bodytext\">(1) Die Sie betreffenden personenbezogenen Daten sind f\u00fcr die Zwecke, f\u00fcr die sie erhoben oder auf sonstige Weise verarbeitet wurden, nicht mehr notwendig.<\/p>\n<\/div>\n<div>\n<p class=\"bodytext\">(2) Sie widerrufen Ihre Einwilligung, auf die sich die Verarbeitung gem. Art. 6 Abs. 1 lit. a oder Art. 9 Abs. 2 lit. a DSGVO st\u00fctzte, und es fehlt an einer anderweitigen Rechtsgrundlage f\u00fcr die Verarbeitung.\u00a0<\/p>\n<\/div>\n<div>\n<p class=\"bodytext\">(3) Sie legen gem. Art. 21 Abs. 1 DSGVO Widerspruch gegen die Verarbeitung ein und es liegen keine vorrangigen berechtigten Gr\u00fcnde f\u00fcr die Verarbeitung vor, oder Sie legen gem. Art. 21 Abs. 2 DSGVO Widerspruch gegen die Verarbeitung ein.\u00a0<\/p>\n<\/div>\n<div>\n<p class=\"bodytext\">(4) Die Sie betreffenden personenbezogenen Daten wurden unrechtm\u00e4\u00dfig verarbeitet.\u00a0<\/p>\n<\/div>\n<div>\n<p class=\"bodytext\">(5) Die L\u00f6schung der Sie betreffenden personenbezogenen Daten ist zur Erf\u00fcllung einer rechtlichen Verpflichtung nach dem Unionsrecht oder dem Recht der Mitgliedstaaten erforderlich, dem der Verantwortliche unterliegt.\u00a0<\/p>\n<\/div>\n<div>\n<p class=\"bodytext\">(6) Die Sie betreffenden personenbezogenen Daten wurden in Bezug auf angebotene Dienste der Informationsgesellschaft gem\u00e4\u00df Art. 8 Abs. 1 DSGVO erhoben.<\/p>\n<\/div>\n<div>\n<h5>2) Information an Dritte<\/h5>\n<\/div>\n<div>\n<p class=\"bodytext\">Hat der\/die Verantwortliche die Sie betreffenden personenbezogenen Daten \u00f6ffentlich gemacht und ist er gem. Art. 17 Abs. 1 DSGVO zu deren L\u00f6schung verpflichtet, so trifft er unter Ber\u00fccksichtigung der verf\u00fcgbaren Technologie und der Implementierungskosten angemessene Ma\u00dfnahmen, auch technischer Art, um f\u00fcr die Datenverarbeitung Verantwortliche, die die personenbezogenen Daten verarbeiten, dar\u00fcber zu informieren, dass Sie als betroffene Person von ihnen die L\u00f6schung aller Links zu diesen personenbezogenen Daten oder von Kopien oder Replikationen dieser personenbezogenen Daten verlangt haben.\u00a0<\/p>\n<\/div>\n<div>\n<h5>3) Ausnahmen<\/h5>\n<\/div>\n<div>\n<p class=\"bodytext\">Das Recht auf L\u00f6schung besteht nicht, soweit die Verarbeitung erforderlich ist<\/p>\n<\/div>\n<div>\n<p class=\"bodytext\">(1) zur Aus\u00fcbung des Rechts auf freie Meinungs\u00e4u\u00dferung und Information;<\/p>\n<\/div>\n<div>\n<p class=\"bodytext\">(2) zur Erf\u00fcllung einer rechtlichen Verpflichtung, die die Verarbeitung nach dem Recht der Union oder der Mitgliedstaaten, dem der Verantwortliche unterliegt, erfordert, oder zur Wahrnehmung einer Aufgabe, die im \u00f6ffentlichen Interesse liegt oder in Aus\u00fcbung \u00f6ffentlicher Gewalt erfolgt, die dem Verantwortlichen \u00fcbertragen wurde;<\/p>\n<\/div>\n<div>\n<p class=\"bodytext\">(3) aus Gr\u00fcnden des \u00f6ffentlichen Interesses im Bereich der \u00f6ffentlichen Gesundheit gem\u00e4\u00df Art. 9 Abs. 2 lit. h und i sowie Art. 9 Abs. 3 DSGVO;<\/p>\n<\/div>\n<div>\n<p class=\"bodytext\">(4) f\u00fcr im \u00f6ffentlichen Interesse liegende Archivzwecke, wissenschaftliche oder historische Forschungszwecke oder f\u00fcr statistische Zwecke gem. Art. 89 Abs. 1 DSGVO, soweit das unter Abschnitt a) genannte Recht voraussichtlich die Verwirklichung der Ziele dieser Verarbeitung unm\u00f6glich macht oder ernsthaft beeintr\u00e4chtigt, oder<\/p>\n<\/div>\n<div>\n<p class=\"bodytext\">(5) zur Geltendmachung, Aus\u00fcbung oder Verteidigung von Rechtsanspr\u00fcchen.<\/p>\n<\/div>\n<h4>e) Recht auf Unterrichtung<\/h4>\n<div>\n<p class=\"bodytext\">Haben Sie das Recht auf Berichtigung, L\u00f6schung oder Einschr\u00e4nkung der Verarbeitung gegen\u00fcber dem\/der Verantwortlichen geltend gemacht, ist diese(r) verpflichtet, allen Empf\u00e4ngern, denen die Sie betreffenden personenbezogenen Daten offengelegt wurden, diese Berichtigung oder L\u00f6schung der Daten oder Einschr\u00e4nkung der Verarbeitung mitzuteilen, es sei denn, dies erweist sich als unm\u00f6glich oder ist mit einem unverh\u00e4ltnism\u00e4\u00dfigen Aufwand verbunden.<\/p>\n<\/div>\n<div>\n<p class=\"bodytext\">Ihnen steht gegen\u00fcber dem\/der Verantwortlichen das Recht zu, \u00fcber diese Empf\u00e4nger unterrichtet zu werden.<\/p>\n<\/div>\n<h4>f) Recht auf Daten\u00fcbertragbarkeit<\/h4>\n<div>\n<p class=\"bodytext\">Sie haben das Recht, die Sie betreffenden personenbezogenen Daten, die Sie der\/dem Verantwortlichen bereitgestellt haben, in einem strukturierten, g\u00e4ngigen und maschinenlesbaren Format zu erhalten. Au\u00dferdem haben Sie das Recht diese Daten einer\/einem anderen Verantwortlichen ohne Behinderung durch die\/den Verantwortlichen, der\/dem die personenbezogenen Daten bereitgestellt wurden, zu \u00fcbermitteln, sofern<\/p>\n<\/div>\n<div>\n<p class=\"bodytext\">(1) die Verarbeitung auf einer Einwilligung gem. Art. 6 Abs. 1 lit. a DSGVO oder Art. 9 Abs. 2 lit. a DSGVO oder auf einem Vertrag gem. Art. 6 Abs. 1 lit. b DSGVO beruht und<\/p>\n<\/div>\n<div>\n<p class=\"bodytext\">(2) die Verarbeitung mithilfe automatisierter Verfahren erfolgt.<\/p>\n<\/div>\n<div>\n<p class=\"bodytext\">In Aus\u00fcbung dieses Rechts haben Sie ferner das Recht, zu erwirken, dass die Sie betreffenden personenbezogenen Daten direkt von einem Verantwortlichen einem anderen Verantwortlichen \u00fcbermittelt werden, soweit dies technisch machbar ist. Freiheiten und Rechte anderer Personen d\u00fcrfen hierdurch nicht beeintr\u00e4chtigt werden.<\/p>\n<\/div>\n<div>\n<p class=\"bodytext\">Das Recht auf Daten\u00fcbertragbarkeit gilt nicht f\u00fcr eine Verarbeitung personenbezogener Daten, die f\u00fcr die Wahrnehmung einer Aufgabe erforderlich ist, die im \u00f6ffentlichen Interesse liegt oder in Aus\u00fcbung \u00f6ffentlicher Gewalt erfolgt, die dem Verantwortlichen \u00fcbertragen wurde.<\/p>\n<\/div>\n<h4>g) Widerspruchsrecht<\/h4>\n<div>\n<p class=\"bodytext\">Sie haben das Recht, aus Gr\u00fcnden, die sich aus ihrer besonderen Situation ergeben, jederzeit gegen die Verarbeitung der Sie betreffenden personenbezogenen Daten, die aufgrund von Art. 6 Abs. 1 lit. e oder f DSGVO erfolgt, Widerspruch einzulegen; dies gilt auch f\u00fcr ein auf diese Bestimmungen gest\u00fctztes Profiling.\u00a0<\/p>\n<\/div>\n<div>\n<p class=\"bodytext\">Die\/der Verantwortliche verarbeitet die Sie betreffenden personenbezogenen Daten nicht mehr, es sei denn, sie\/er kann zwingende schutzw\u00fcrdige Gr\u00fcnde f\u00fcr die Verarbeitung nachweisen, die Ihre Interessen, Rechte und Freiheiten \u00fcberwiegen, oder die Verarbeitung dient der Geltendmachung, Aus\u00fcbung oder Verteidigung von Rechtsanspr\u00fcchen.<\/p>\n<\/div>\n<div>\n<p class=\"bodytext\">Werden die Sie betreffenden personenbezogenen Daten verarbeitet, um Direktwerbung zu betreiben, haben Sie das Recht, jederzeit Widerspruch gegen die Verarbeitung der Sie betreffenden personenbezogenen Daten zum Zwecke derartiger Werbung einzulegen; dies gilt auch f\u00fcr das Profiling, soweit es mit solcher Direktwerbung in Verbindung steht.<\/p>\n<\/div>\n<div>\n<p class=\"bodytext\">Widersprechen Sie der Verarbeitung f\u00fcr Zwecke der Direktwerbung, so werden die Sie betreffenden personenbezogenen Daten nicht mehr f\u00fcr diese Zwecke verarbeitet.<\/p>\n<\/div>\n<div>\n<p class=\"bodytext\">Sie haben die M\u00f6glichkeit, im Zusammenhang mit der Nutzung von Diensten der Informationsgesellschaft \u2013 ungeachtet der Richtlinie 2002\/58\/EG \u2013 Ihr Widerspruchsrecht mittels automatisierter Verfahren auszu\u00fcben, bei denen technische Spezifikationen verwendet werden.<\/p>\n<\/div>\n<div>\n<p class=\"bodytext\">Sie haben auch das Recht, aus Gr\u00fcnden, die sich aus Ihrer besonderen Situation ergeben, bei der Verarbeitung Sie betreffender personenbezogener Daten, die zu wissenschaftlichen oder historischen Forschungszwecken oder zu statistischen Zwecken gem. Art. 89 Abs. 1 DSGVO erfolgt, dieser zu widersprechen.<\/p>\n<\/div>\n<div>\n<p class=\"bodytext\">Ihr Widerspruchsrecht kann insoweit beschr\u00e4nkt werden, als es voraussichtlich die Verwirklichung der Forschungs- oder Statistikzwecke unm\u00f6glich macht oder ernsthaft beeintr\u00e4chtigt und die Beschr\u00e4nkung f\u00fcr die Erf\u00fcllung der Forschungs- oder Statistikzwecke notwendig ist.<\/p>\n<\/div>\n<h4>h) Recht auf Widerruf der datenschutzrechtlichen Einwilligungserkl\u00e4rung<\/h4>\n<div>\n<p class=\"bodytext\">Sie haben das Recht, Ihre datenschutzrechtliche Einwilligungserkl\u00e4rung jederzeit zu widerrufen. Durch den Widerruf der Einwilligung wird die Rechtm\u00e4\u00dfigkeit der aufgrund der Einwilligung bis zum Widerruf erfolgten Verarbeitung nicht ber\u00fchrt.<\/p>\n<\/div>\n<h4>i) Automatisierte Entscheidung im Einzelfall einschlie\u00dflich Profiling<\/h4>\n<div>\n<p class=\"bodytext\">Sie haben das Recht, nicht einer ausschlie\u00dflich auf einer automatisierten Verarbeitung \u2013 einschlie\u00dflich Profiling \u2013 beruhenden Entscheidung unterworfen zu werden, die Ihnen gegen\u00fcber rechtliche Wirkung entfaltet oder Sie in \u00e4hnlicher Weise erheblich beeintr\u00e4chtigt. Dies gilt nicht, wenn die Entscheidung\u00a0<\/p>\n<\/div>\n<div>\n<p class=\"bodytext\">(1) f\u00fcr den Abschluss oder die Erf\u00fcllung eines Vertrags zwischen Ihnen und dem Verantwortlichen erforderlich ist,<\/p>\n<\/div>\n<div>\n<p class=\"bodytext\">(2) aufgrund von Rechtsvorschriften der Union oder der Mitgliedstaaten, denen die\/der Verantwortliche unterliegt, zul\u00e4ssig ist und diese Rechtsvorschriften angemessene Ma\u00dfnahmen zur Wahrung Ihrer Rechte und Freiheiten sowie Ihrer berechtigten Interessen enthalten oder<\/p>\n<\/div>\n<div>\n<p class=\"bodytext\">(3) mit Ihrer ausdr\u00fccklichen Einwilligung erfolgt.<\/p>\n<\/div>\n<div>\n<p class=\"bodytext\">Allerdings d\u00fcrfen diese Entscheidungen nicht auf besonderen Kategorien personenbezogener Daten nach Art. 9 Abs. 1 DSGVO beruhen, sofern nicht Art. 9 Abs. 2 lit. a oder g DSGVO gilt und angemessene Ma\u00dfnahmen zum Schutz der Rechte und Freiheiten sowie Ihrer berechtigten Interessen getroffen wurden.<\/p>\n<\/div>\n<div>\n<p class=\"bodytext\">Hinsichtlich der in (1) und (3) genannten F\u00e4lle trifft die\/der Verantwortliche angemessene Ma\u00dfnahmen, um die Rechte und Freiheiten sowie Ihre berechtigten Interessen zu wahren, wozu mindestens das Recht auf Erwirkung des Eingreifens einer Person seitens der\/des Verantwortlichen, auf Darlegung des eigenen Standpunkts und auf Anfechtung der Entscheidung geh\u00f6rt.<\/p>\n<\/div>\n<div>\n<h4>j) Recht auf Beschwerde bei einer Aufsichtsbeh\u00f6rde<\/h4>\n<\/div>\n<div>\n<p class=\"bodytext\">Unbeschadet eines anderweitigen verwaltungsrechtlichen oder gerichtlichen Rechtsbehelfs steht Ihnen das Recht auf Beschwerde bei einer Aufsichtsbeh\u00f6rde, insbesondere in dem Mitgliedstaat ihres Aufenthaltsorts, ihres Arbeitsplatzes oder des Orts des mutma\u00dflichen Versto\u00dfes, zu, wenn Sie der Ansicht sind, dass die Verarbeitung der Sie betreffenden personenbezogenen Daten gegen die DSGVO verst\u00f6\u00dft.\u00a0<\/p>\n<\/div>\n<div>\n<p class=\"bodytext\">Die Aufsichtsbeh\u00f6rde, bei der die Beschwerde eingereicht wurde, unterrichtet den Beschwerdef\u00fchrer \u00fcber den Stand und die Ergebnisse der Beschwerde einschlie\u00dflich der M\u00f6glichkeit eines gerichtlichen Rechtsbehelfs nach Art. 78 DSGVO.<\/p>\n<\/div>\n<\/div>\n<div id=\"c360999\" class=\"csc-frame csc-frame-default\">\n<div class=\"csc-header csc-header-n13\">\n<h2>Verwendung von Social Media Plugins und eingebundene externe Inhalte<\/h2>\n<\/div>\n<p class=\"bodytext\"><b>a) Umfang der Datenverarbeitung<\/b><\/p>\n<p class=\"bodytext\">Wir nutzen auf unserer Website Social Plugins verschiedener Anbieter. Wenn Sie eine Website von uns aufrufen, die ein solches Plugin enth\u00e4lt, baut Ihr Browser eine direkte Verbindung mit den Servern des betreffenden Anbieters auf. Der Inhalt des Plugins wird von dem Anbieter direkt an Ihren Browser \u00fcbermittelt und von diesem in die Website eingebunden.<\/p>\n<p>Durch die Einbindung der Plugins erh\u00e4lt der Anbieter die Information, dass Sie die entsprechende Seite unseres Internetauftritts aufgerufen haben. Sind Sie bei dem jeweiligen Anbieter eingeloggt, hat dieser die M\u00f6glichkeit, diese Information Ihrem Konto zuzuordnen.<\/p>\n<p class=\"bodytext\">Youtube<\/p>\n<ul>\n<li><a class=\"external-link-new-window\" title=\"externer Link in neuem Fenster\" href=\"https:\/\/www.youtube.com\/t\/terms\" target=\"_blank\" rel=\"noopener noreferrer\"><img decoding=\"async\" src=\"https:\/\/www.uni-duesseldorf.de\/home\/fileadmin\/images\/icons\/link-icon-extern.gif\" alt=\"undefined\" data-htmlarea-file-table=\"sys_file\" data-htmlarea-file-uid=\"4311\" \/>Nutzungsbedingungen<\/a><\/li>\n<li><a class=\"external-link-new-window\" title=\"externer Link in neuem Fenster\" href=\"https:\/\/policies.google.com\/privacy?hl=de&amp;gl=de\" target=\"_blank\" rel=\"noopener noreferrer\"><img decoding=\"async\" src=\"https:\/\/www.uni-duesseldorf.de\/home\/fileadmin\/images\/icons\/link-icon-extern.gif\" alt=\"undefined\" data-htmlarea-file-table=\"sys_file\" data-htmlarea-file-uid=\"4311\" \/>Datenschutzrichtlinie (Google\/Youtube)<\/a><\/li>\n<\/ul>\n<p class=\"bodytext\">Twitter<\/p>\n<ul>\n<li><a class=\"external-link-new-window\" title=\"externer Link in neuem Fenster\" href=\"https:\/\/twitter.com\/de\/tos\" target=\"_blank\" rel=\"noopener noreferrer\"><img decoding=\"async\" src=\"https:\/\/www.uni-duesseldorf.de\/home\/fileadmin\/images\/icons\/link-icon-extern.gif\" alt=\"undefined\" data-htmlarea-file-table=\"sys_file\" data-htmlarea-file-uid=\"4311\" \/>Nutzungsbedingungen<\/a><\/li>\n<li><a class=\"external-link-new-window\" title=\"externer Link in neuem Fenster\" href=\"https:\/\/twitter.com\/de\/privacy\" target=\"_blank\" rel=\"noopener noreferrer\"><img decoding=\"async\" src=\"https:\/\/www.uni-duesseldorf.de\/home\/fileadmin\/images\/icons\/link-icon-extern.gif\" alt=\"undefined\" data-htmlarea-file-table=\"sys_file\" data-htmlarea-file-uid=\"4311\" \/>Datenschutzrichtlinie<\/a><\/li>\n<\/ul>\n<p class=\"bodytext\">Facebook<\/p>\n<ul>\n<li><a class=\"external-link-new-window\" title=\"externer Link in neuem Fenster\" href=\"https:\/\/www.facebook.com\/legal\/terms\/\" target=\"_blank\" rel=\"noopener noreferrer\"><img decoding=\"async\" src=\"https:\/\/www.uni-duesseldorf.de\/home\/fileadmin\/images\/icons\/link-icon-extern.gif\" alt=\"undefined\" data-htmlarea-file-uid=\"4311\" data-htmlarea-file-table=\"sys_file\" \/>Nutzungsbedingungen<\/a><\/li>\n<li><a class=\"external-link-new-window\" title=\"externer Link in neuem Fenster\" href=\"https:\/\/www.facebook.com\/about\/privacy\/\" target=\"_blank\" rel=\"noopener noreferrer\"><img decoding=\"async\" src=\"https:\/\/www.uni-duesseldorf.de\/home\/fileadmin\/images\/icons\/link-icon-extern.gif\" alt=\"undefined\" data-htmlarea-file-uid=\"4311\" data-htmlarea-file-table=\"sys_file\" \/>Datenschutzrichtlinie<\/a><\/li>\n<\/ul>\n<p class=\"bodytext\"><b>b) Rechtsgrundlage der Verarbeitung<\/b><\/p>\n<p class=\"bodytext\">Rechtsgrundlage f\u00fcr die Verarbeitung der Daten ist Art. 6 Abs. 1 lit. a DSGVO.<\/p>\n<\/div>\n<div id=\"c360444\" class=\"csc-frame csc-frame-default\">\u00a0<\/div>\n<div id=\"c360448\" class=\"csc-frame csc-frame-default\">\n<div>\u00a0<\/div>\n<\/div>\n<div id=\"c360450\" class=\"csc-frame csc-frame-default\">\n<div>\u00a0<\/div>\n<\/div>\n<div id=\"c360452\" class=\"csc-frame csc-frame-default\">\n<div>\n<p class=\"bodytext\">\u00a0<\/p>\n<\/div>\n<\/div>\n\n\n<p><\/p>\n","protected":false},"excerpt":{"rendered":"<p>Datenschutzerkl\u00e4rung nach den Vorgaben der DSGVO Name und Anschrift des Verantwortlichen Der Verantwortliche im Sinne der Datenschutz-Grundverordnung und anderer nationaler Datenschutzgesetze der Mitgliedsstaaten sowie sonstiger datenschutzrechtlicher Bestimmungen ist die: Heinrich-Heine-Universit\u00e4t D\u00fcsseldorfUniversit\u00e4tsstr. 140225 D\u00fcsseldorf Tel: +49 211 81-11 Weitere Informationen und Kontaktdaten im Impressum der Heinrich-Heine-Universit\u00e4t: https:\/\/www.hhu.de\/impressum Name und Anschrift des Datenschutzbeauftragten Datenschutzbeauftragte Dr. Ursula Hilgers [&hellip;]<\/p>\n","protected":false},"author":1,"featured_media":0,"parent":0,"menu_order":0,"comment_status":"closed","ping_status":"closed","template":"","meta":{"footnotes":""},"class_list":["post-16","page","type-page","status-publish","hentry"],"_links":{"self":[{"href":"https:\/\/buergeruni.hhu-blog.de\/index.php\/wp-json\/wp\/v2\/pages\/16","targetHints":{"allow":["GET"]}}],"collection":[{"href":"https:\/\/buergeruni.hhu-blog.de\/index.php\/wp-json\/wp\/v2\/pages"}],"about":[{"href":"https:\/\/buergeruni.hhu-blog.de\/index.php\/wp-json\/wp\/v2\/types\/page"}],"author":[{"embeddable":true,"href":"https:\/\/buergeruni.hhu-blog.de\/index.php\/wp-json\/wp\/v2\/users\/1"}],"replies":[{"embeddable":true,"href":"https:\/\/buergeruni.hhu-blog.de\/index.php\/wp-json\/wp\/v2\/comments?post=16"}],"version-history":[{"count":3,"href":"https:\/\/buergeruni.hhu-blog.de\/index.php\/wp-json\/wp\/v2\/pages\/16\/revisions"}],"predecessor-version":[{"id":355,"href":"https:\/\/buergeruni.hhu-blog.de\/index.php\/wp-json\/wp\/v2\/pages\/16\/revisions\/355"}],"wp:attachment":[{"href":"https:\/\/buergeruni.hhu-blog.de\/index.php\/wp-json\/wp\/v2\/media?parent=16"}],"curies":[{"name":"wp","href":"https:\/\/api.w.org\/{rel}","templated":true}]}}